{"id":4372,"date":"2017-04-26T13:03:16","date_gmt":"2017-04-26T13:03:16","guid":{"rendered":"http:\/\/aluser.com\/?page_id=4372"},"modified":"2020-03-25T11:10:23","modified_gmt":"2020-03-25T11:10:23","slug":"portoni-sezionali","status":"publish","type":"alsproduct","link":"https:\/\/www.aluser.com\/en\/prodotto\/sectional-doors\/","title":{"rendered":"Portoni sezionali"},"content":{"rendered":"\n<div style=\"height:40px\" aria-hidden=\"true\" class=\"wp-block-spacer\"><\/div>\n\n\n\n<div class=\"wp-block-image\"><figure class=\"aligncenter size-full\"><img decoding=\"async\" width=\"825\" height=\"550\" src=\"https:\/\/www.aluser.com\/wp-content\/uploads\/2017\/04\/portoni-sezionali-qualita-aluser-milano.jpg\" alt=\"portoni sezionali in alluminio con pannelli lavorati in colore antracite prodotti e installati da aluser\" class=\"wp-image-7777\" srcset=\"https:\/\/www.aluser.com\/wp-content\/uploads\/2017\/04\/portoni-sezionali-qualita-aluser-milano.jpg 825w, https:\/\/www.aluser.com\/wp-content\/uploads\/2017\/04\/portoni-sezionali-qualita-aluser-milano-300x200.jpg 300w, https:\/\/www.aluser.com\/wp-content\/uploads\/2017\/04\/portoni-sezionali-qualita-aluser-milano-600x400.jpg 600w, https:\/\/www.aluser.com\/wp-content\/uploads\/2017\/04\/portoni-sezionali-qualita-aluser-milano-500x333.jpg 500w, https:\/\/www.aluser.com\/wp-content\/uploads\/2017\/04\/portoni-sezionali-qualita-aluser-milano-768x512.jpg 768w\" sizes=\"(max-width: 825px) 100vw, 825px\" \/><\/figure><\/div>\n\n\n\n<div style=\"height:40px\" aria-hidden=\"true\" class=\"wp-block-spacer\"><\/div>\n\n\n\n<h1 class=\"has-text-align-center wp-block-heading\">Portoni Sezionali<\/h1>\n\n\n\n<p><strong>Portoni sezionali<\/strong> e porte basculanti per garage e autorimesse manuali e&nbsp;<strong>motorizzati,<\/strong>&nbsp;pratici e totalmente personalizzabili sia nella tipologia sia nelle finiture.<\/p>\n\n\n\n<p>Una soluzione tecnologicamente all\u2019avanguardia \u00e8 il controllo a distanza della basculante. Questo sistema permette di sapere se il garage \u00e8 aperto o chiuso semplicemente controllando il colore del led integrato nel telecomando. Con lo stesso telecomando si pu\u00f2 azionare il portone, che pu\u00f2 essere anche controllato tramite tablet o smartphone.<\/p>\n\n\n\n<div style=\"height:40px\" aria-hidden=\"true\" class=\"wp-block-spacer\"><\/div>\n\n\n\n<figure class=\"wp-block-gallery aligncenter columns-2 wp-block-gallery-1 is-layout-flex wp-block-gallery-is-layout-flex\"><ul class=\"blocks-gallery-grid\"><li class=\"blocks-gallery-item\"><figure><img decoding=\"async\" width=\"367\" height=\"550\" src=\"https:\/\/www.aluser.com\/wp-content\/uploads\/2020\/03\/portoni-sezionali-di-qualita-tinta-legno-aluser.jpg\" alt=\"\" data-id=\"7784\" data-full-url=\"https:\/\/www.aluser.com\/wp-content\/uploads\/2020\/03\/portoni-sezionali-di-qualita-tinta-legno-aluser.jpg\" data-link=\"https:\/\/www.aluser.com\/portoni-sezionali-di-qualita-tinta-legno-aluser\/\" class=\"wp-image-7784\" srcset=\"https:\/\/www.aluser.com\/wp-content\/uploads\/2020\/03\/portoni-sezionali-di-qualita-tinta-legno-aluser.jpg 367w, https:\/\/www.aluser.com\/wp-content\/uploads\/2020\/03\/portoni-sezionali-di-qualita-tinta-legno-aluser-300x450.jpg 300w, https:\/\/www.aluser.com\/wp-content\/uploads\/2020\/03\/portoni-sezionali-di-qualita-tinta-legno-aluser-334x500.jpg 334w\" sizes=\"(max-width: 367px) 100vw, 367px\" \/><\/figure><\/li><li class=\"blocks-gallery-item\"><figure><img decoding=\"async\" width=\"367\" height=\"550\" src=\"https:\/\/www.aluser.com\/wp-content\/uploads\/2020\/03\/portoni-sezionali-di-qualita-aluser.jpg\" alt=\"\" data-id=\"7783\" data-full-url=\"https:\/\/www.aluser.com\/wp-content\/uploads\/2020\/03\/portoni-sezionali-di-qualita-aluser.jpg\" data-link=\"https:\/\/www.aluser.com\/portoni-sezionali-di-qualita-aluser\/\" class=\"wp-image-7783\" srcset=\"https:\/\/www.aluser.com\/wp-content\/uploads\/2020\/03\/portoni-sezionali-di-qualita-aluser.jpg 367w, https:\/\/www.aluser.com\/wp-content\/uploads\/2020\/03\/portoni-sezionali-di-qualita-aluser-300x450.jpg 300w, https:\/\/www.aluser.com\/wp-content\/uploads\/2020\/03\/portoni-sezionali-di-qualita-aluser-334x500.jpg 334w\" sizes=\"(max-width: 367px) 100vw, 367px\" \/><\/figure><\/li><\/ul><\/figure>\n\n\n\n<div style=\"height:40px\" aria-hidden=\"true\" class=\"wp-block-spacer\"><\/div>\n\n\n\n<h2 class=\"wp-block-heading\">Porte Basculanti Resistenti e Garantite<\/h2>\n\n\n\n<p>Le nostre porte basculanti assicurano anche il massimo della <strong>sicurezza<\/strong>, con il <strong>sistema di bloccaggio automatico<\/strong> ad azionamento meccanico. Quindi, anche se nel caso mancasse la corrente elettrica, il vostro garage rimarr\u00e0 al sicuro.<\/p>\n\n\n\n<p>Con una <strong>lunga durata garantita<\/strong> e una manutenzione minima, rappresentano la soluzione perfetta per edifici residenziali e commerciali.<\/p>\n\n\n\n<div style=\"height:40px\" aria-hidden=\"true\" class=\"wp-block-spacer\"><\/div>\n\n\n\n<figure class=\"wp-block-gallery aligncenter columns-2 wp-block-gallery-2 is-layout-flex wp-block-gallery-is-layout-flex\"><ul class=\"blocks-gallery-grid\"><li class=\"blocks-gallery-item\"><figure><img decoding=\"async\" width=\"367\" height=\"550\" src=\"https:\/\/www.aluser.com\/wp-content\/uploads\/2017\/04\/portoni-sezionali-di-qualita-aluser-grigio-antracite.jpg\" alt=\"porte basculanti per garage in alluminio installate da aluser\" data-id=\"7778\" data-full-url=\"https:\/\/www.aluser.com\/wp-content\/uploads\/2017\/04\/portoni-sezionali-di-qualita-aluser-grigio-antracite.jpg\" data-link=\"https:\/\/www.aluser.com\/prodotto\/portoni-sezionali\/portoni-sezionali-di-qualita-aluser-grigio-antracite\/\" class=\"wp-image-7778\" srcset=\"https:\/\/www.aluser.com\/wp-content\/uploads\/2017\/04\/portoni-sezionali-di-qualita-aluser-grigio-antracite.jpg 367w, https:\/\/www.aluser.com\/wp-content\/uploads\/2017\/04\/portoni-sezionali-di-qualita-aluser-grigio-antracite-300x450.jpg 300w, https:\/\/www.aluser.com\/wp-content\/uploads\/2017\/04\/portoni-sezionali-di-qualita-aluser-grigio-antracite-334x500.jpg 334w\" sizes=\"(max-width: 367px) 100vw, 367px\" \/><\/figure><\/li><li class=\"blocks-gallery-item\"><figure><img decoding=\"async\" width=\"367\" height=\"550\" src=\"https:\/\/www.aluser.com\/wp-content\/uploads\/2020\/03\/porte-basculanti-alluminio-vetro-aluser-milano.jpg\" alt=\"porte basculanti in alluminio per ingresso magazzino con apertura automatica prodotte e installate da aluser \" data-id=\"7785\" data-full-url=\"https:\/\/www.aluser.com\/wp-content\/uploads\/2020\/03\/porte-basculanti-alluminio-vetro-aluser-milano.jpg\" data-link=\"https:\/\/www.aluser.com\/porte-basculanti-alluminio-vetro-aluser-milano\/\" class=\"wp-image-7785\" srcset=\"https:\/\/www.aluser.com\/wp-content\/uploads\/2020\/03\/porte-basculanti-alluminio-vetro-aluser-milano.jpg 367w, https:\/\/www.aluser.com\/wp-content\/uploads\/2020\/03\/porte-basculanti-alluminio-vetro-aluser-milano-300x450.jpg 300w, https:\/\/www.aluser.com\/wp-content\/uploads\/2020\/03\/porte-basculanti-alluminio-vetro-aluser-milano-334x500.jpg 334w\" sizes=\"(max-width: 367px) 100vw, 367px\" \/><\/figure><\/li><\/ul><\/figure>\n\n\n\n<div style=\"height:80px\" aria-hidden=\"true\" class=\"wp-block-spacer\"><\/div>\n\n\n\n<h2 class=\"has-text-align-center wp-block-heading\">Scopri le nostre Realizzazioni<\/h2>\n\n\n<div class=\"realization\">        <div class=\"realization__wrapper realization__shortcode\">                            <div class=\"realization__item filtr-item\" data-category=\"144, 147\">    <div class=\"realization__image-wrapper\">        <a href=\"https:\/\/www.aluser.com\/en\/realizzazione\/english-conservatory\/\">            <img decoding=\"async\" src=\"https:\/\/www.aluser.com\/wp-content\/uploads\/2017\/06\/1_SERRAMENTI-IN-ALLUMINIO-IN-STILE-CLASSICO--300x300.jpg\" class=\"realization__image\">        <\/a>        <div class=\"realization__overlay\">            <!--            <div class=\"realization__actions\">                <a data-colorbox class=\"\" href=\"\"><i                            class=\"fas fa-search\"><\/i><\/a>                <a href=\"\"><i class=\"fas fa-chevron-right\"><\/i><\/a>            <\/div>            -->            <div class=\"realization__caption\">                <h5>                    <a href=\"https:\/\/www.aluser.com\/en\/realizzazione\/english-conservatory\/\">Headquarters e Campus di Reti Spa<\/a>                <\/h5>                <p class=\"realization__tax\">Realizzazioni commerciali \/ Ristrutturazioni<\/p>            <\/div>        <\/div>    <\/div><\/div>                            <div class=\"realization__item filtr-item\" data-category=\"144\">    <div class=\"realization__image-wrapper\">        <a href=\"https:\/\/www.aluser.com\/en\/realizzazione\/horizontal-sunshades\/\">            <img decoding=\"async\" src=\"https:\/\/www.aluser.com\/wp-content\/uploads\/2017\/06\/3_PALE-FRANGISOLE-STUDIATE-AD-HOC--300x300.jpg\" class=\"realization__image\">        <\/a>        <div class=\"realization__overlay\">            <!--            <div class=\"realization__actions\">                <a data-colorbox class=\"\" href=\"\"><i                            class=\"fas fa-search\"><\/i><\/a>                <a href=\"\"><i class=\"fas fa-chevron-right\"><\/i><\/a>            <\/div>            -->            <div class=\"realization__caption\">                <h5>                    <a href=\"https:\/\/www.aluser.com\/en\/realizzazione\/horizontal-sunshades\/\">Frangisole e Bussola d&#39;Ingresso Industriale<\/a>                <\/h5>                <p class=\"realization__tax\">Realizzazioni commerciali<\/p>            <\/div>        <\/div>    <\/div><\/div>                            <div class=\"realization__item filtr-item\" data-category=\"146, 147\">    <div class=\"realization__image-wrapper\">        <a href=\"https:\/\/www.aluser.com\/en\/realizzazione\/bespoke-garage-doors\/\">            <img decoding=\"async\" src=\"https:\/\/www.aluser.com\/wp-content\/uploads\/2017\/06\/5_SEZIONALE-CON-FINITURE-SIMIL-LEGNO-300x300.jpg\" class=\"realization__image\">        <\/a>        <div class=\"realization__overlay\">            <!--            <div class=\"realization__actions\">                <a data-colorbox class=\"\" href=\"\"><i                            class=\"fas fa-search\"><\/i><\/a>                <a href=\"\"><i class=\"fas fa-chevron-right\"><\/i><\/a>            <\/div>            -->            <div class=\"realization__caption\">                <h5>                    <a href=\"https:\/\/www.aluser.com\/en\/realizzazione\/bespoke-garage-doors\/\">Alluminio e Ferro: Progetto Completo<\/a>                <\/h5>                <p class=\"realization__tax\">Residenze private \/ Ristrutturazioni<\/p>            <\/div>        <\/div>    <\/div><\/div>                    <\/div>    <\/div>\n\n\n\n<div style=\"height:40px\" aria-hidden=\"true\" class=\"wp-block-spacer\"><\/div>\n\n\n\n<div class=\"wp-block-group alignwide\"><div class=\"wp-block-group__inner-container is-layout-flow wp-block-group-is-layout-flow\">\n<div class=\"wp-block-group\"><div class=\"wp-block-group__inner-container is-layout-flow wp-block-group-is-layout-flow\">\n<div class=\"wp-block-cover aligncenter has-background-dim-10 has-background-dim\" style=\"background-image:url(https:\/\/www.aluser.com\/wp-content\/uploads\/2015\/07\/serramenti-1024x315.jpg);background-position:61% 50%\"><div class=\"wp-block-cover__inner-container is-layout-flow wp-block-cover-is-layout-flow\">\n<p class=\"has-text-align-center has-large-font-size\"><strong>Per Maggiori Informazioni<\/strong><\/p>\n\n\n\n<p class=\"has-text-align-center\"><strong>Richiedi la consulenza di un nostro tecnico<\/strong><\/p>\n\n\n\n<div class=\"wp-block-buttons aligncenter is-layout-flex wp-block-buttons-is-layout-flex\">\n<div class=\"wp-block-button is-style-fill\"><a class=\"wp-block-button__link\" href=\"https:\/\/www.aluser.com\/contatti\/\">Contattaci<\/a><\/div>\n<\/div>\n<\/div><\/div>\n<\/div><\/div>\n<\/div><\/div>\n\n\n\n<p><\/p>\n\n\n\n<div style=\"height:40px\" aria-hidden=\"true\" class=\"wp-block-spacer\"><\/div>\n\n\n\n<h2 class=\"has-text-align-center wp-block-heading\">Scopri gli altri Prodotti<\/h2>\n\n\n<div class=\"product-category__section\">                    <div class=\"product-category__item\">    <div class=\"product-category__image-container\">        <a href=\"\/prodotti\/serramenti-e-infissi\">            <img decoding=\"async\" src=\"https:\/\/www.aluser.com\/wp-content\/uploads\/2020\/02\/1-serramenti-in-alluminio-grigio-marezzato-min-e1581003915614-300x277.jpg\" class=\"img-responsive\" >        <\/a>    <\/div>    <p class=\"product-category__title\">        <a href=\"\/prodotti\/serramenti-e-infissi\">Serramenti e Infissi<\/a>    <\/p><\/div>                    <div class=\"product-category__item\">    <div class=\"product-category__image-container\">        <a href=\"\/prodotti\/porte-di-qualita\">            <img decoding=\"async\" src=\"https:\/\/www.aluser.com\/wp-content\/uploads\/2017\/03\/1Porte-ingresso_Schuco_1_Milano-300x277.jpg\" class=\"img-responsive\" >        <\/a>    <\/div>    <p class=\"product-category__title\">        <a href=\"\/prodotti\/porte-di-qualita\">Porte di qualit\u00e0<\/a>    <\/p><\/div>                    <div class=\"product-category__item\">    <div class=\"product-category__image-container\">        <a href=\"\/prodotti\/verande\">            <img decoding=\"async\" src=\"https:\/\/www.aluser.com\/wp-content\/uploads\/2020\/02\/sistemi-in-alluminio-per-verande-3-min-e1581003152823-300x277.jpg\" class=\"img-responsive\" >        <\/a>    <\/div>    <p class=\"product-category__title\">        <a href=\"\/prodotti\/verande\">Verande<\/a>    <\/p><\/div>                    <div class=\"product-category__item\">    <div class=\"product-category__image-container\">        <a href=\"\/prodotti\/facciate-continue\">            <img decoding=\"async\" src=\"https:\/\/www.aluser.com\/wp-content\/uploads\/2020\/02\/facciate-montanti-traversi-ambientate-schuco-1-milano-e1581002645677-300x277.jpg\" class=\"img-responsive\" >        <\/a>    <\/div>    <p class=\"product-category__title\">        <a href=\"\/prodotti\/facciate-continue\">Facciate continue<\/a>    <\/p><\/div>                    <div class=\"product-category__item\">    <div class=\"product-category__image-container\">        <a href=\"\/prodotti\/sistemi-oscuranti\">            <img decoding=\"async\" src=\"https:\/\/www.aluser.com\/wp-content\/uploads\/2020\/02\/lamelle-orientabili1-e1581002492956-300x276.jpg\" class=\"img-responsive\" >        <\/a>    <\/div>    <p class=\"product-category__title\">        <a href=\"\/prodotti\/sistemi-oscuranti\">Sistemi oscuranti<\/a>    <\/p><\/div>                    <div class=\"product-category__item\">    <div class=\"product-category__image-container\">        <a href=\"\/prodotti\/serramenti-di-sicurezza\">            <img decoding=\"async\" src=\"https:\/\/www.aluser.com\/wp-content\/uploads\/2020\/03\/serr-blindati-sicur-aluser-300x277.jpg\" class=\"img-responsive\" >        <\/a>    <\/div>    <p class=\"product-category__title\">        <a href=\"\/prodotti\/serramenti-di-sicurezza\">Serramenti di sicurezza<\/a>    <\/p><\/div>                    <div class=\"product-category__item\">    <div class=\"product-category__image-container\">        <a href=\"\/prodotti\/coperture-per-esterni\">            <img decoding=\"async\" src=\"https:\/\/www.aluser.com\/wp-content\/uploads\/2017\/04\/Pergolato_Ambiente_Schuco_1_Milano-300x277.jpg\" class=\"img-responsive\" >        <\/a>    <\/div>    <p class=\"product-category__title\">        <a href=\"\/prodotti\/coperture-per-esterni\">Coperture per esterni<\/a>    <\/p><\/div>                    <div class=\"product-category__item\">    <div class=\"product-category__image-container\">        <a href=\"\/prodotti\/zanzariere\">            <img decoding=\"async\" src=\"https:\/\/www.aluser.com\/wp-content\/uploads\/2020\/03\/zanzariere-aluser-evidenza-300x277.jpg\" class=\"img-responsive\" >        <\/a>    <\/div>    <p class=\"product-category__title\">        <a href=\"\/prodotti\/zanzariere\">Zanzariere<\/a>    <\/p><\/div>                    <div class=\"product-category__item\">    <div class=\"product-category__image-container\">        <a href=\"\/prodotti\/pareti-divisorie\">            <img decoding=\"async\" src=\"https:\/\/www.aluser.com\/wp-content\/uploads\/2017\/01\/Parete-divisorie_1_Aluser_Milano-300x277.jpg\" class=\"img-responsive\" >        <\/a>    <\/div>    <p class=\"product-category__title\">        <a href=\"\/prodotti\/pareti-divisorie\">Pareti divisorie<\/a>    <\/p><\/div>                    <div class=\"product-category__item\">    <div class=\"product-category__image-container\">        <a href=\"\/prodotti\/vetri-per-serramenti\">            <img decoding=\"async\" src=\"https:\/\/www.aluser.com\/wp-content\/uploads\/2017\/04\/Vetri_Veneziana_Azzimonti_1_Milano-300x277.jpg\" class=\"img-responsive\" >        <\/a>    <\/div>    <p class=\"product-category__title\">        <a href=\"\/prodotti\/vetri-per-serramenti\">Vetri per serramenti<\/a>    <\/p><\/div>                    <div class=\"product-category__item\">    <div class=\"product-category__image-container\">        <a href=\"\/prodotti\/maniglie-per-finestre\">            <img decoding=\"async\" src=\"https:\/\/www.aluser.com\/wp-content\/uploads\/2020\/02\/4-maniglia-di-design--e1581001989824-300x277.jpg\" class=\"img-responsive\" >        <\/a>    <\/div>    <p class=\"product-category__title\">        <a href=\"\/prodotti\/maniglie-per-finestre\">Maniglie per finestre<\/a>    <\/p><\/div>                    <div class=\"product-category__item\">    <div class=\"product-category__image-container\">        <a href=\"\/prodotti\/ventilazione-controllata\">            <img decoding=\"async\" src=\"https:\/\/www.aluser.com\/wp-content\/uploads\/2022\/01\/ventilazione-meccanica-controllata-con-recupero-di-calore-schuco-tip-tronic-300x300.jpg\" class=\"img-responsive\" >        <\/a>    <\/div>    <p class=\"product-category__title\">        <a href=\"\/prodotti\/ventilazione-controllata\">Ventilazione controllata<\/a>    <\/p><\/div>            <\/div>\n","protected":false},"excerpt":{"rendered":"<p>Portoni Sezionali Portoni sezionali e porte basculanti per garage e autorimesse manuali e&nbsp;motorizzati,&nbsp;pratici e totalmente personalizzabili sia nella tipologia sia nelle finiture. Una soluzione tecnologicamente all\u2019avanguardia \u00e8 il controllo a distanza della basculante. Questo sistema permette di sapere se il garage \u00e8 aperto o chiuso semplicemente controllando il colore del led integrato nel telecomando. Con [&hellip;]<\/p>\n","protected":false},"author":3,"featured_media":5230,"menu_order":0,"template":"","product_taxonomy":[160],"acf":[],"yoast_head":"<!-- This site is optimized with the Yoast SEO Premium plugin v15.6.2 - https:\/\/yoast.com\/wordpress\/plugins\/seo\/ -->\n<title>Portoni Sezionali e Porte Basculanti per Garage e Magazzini | Aluser<\/title>\n<meta name=\"description\" content=\"Progettazione di Portoni Sezionali e Porte Basculanti su Misura per Garage e Magazzini. Contatta un nostro Consulente per trovare la Soluzione pi\u00fa adatta.\" \/>\n<meta name=\"robots\" content=\"index, follow, max-snippet:-1, max-image-preview:large, max-video-preview:-1\" \/>\n<link rel=\"canonical\" href=\"https:\/\/www.aluser.com\/en\/prodotto\/sectional-doors\/\" \/>\n<meta property=\"og:locale\" content=\"en_GB\" \/>\n<meta property=\"og:type\" content=\"article\" \/>\n<meta property=\"og:title\" content=\"Portoni Sezionali e Porte Basculanti per Garage e Magazzini | Aluser\" \/>\n<meta property=\"og:description\" content=\"Progettazione di Portoni Sezionali e Porte Basculanti su Misura per Garage e Magazzini. Contatta un nostro Consulente per trovare la Soluzione pi\u00fa adatta.\" \/>\n<meta property=\"og:url\" content=\"https:\/\/www.aluser.com\/en\/prodotto\/sectional-doors\/\" \/>\n<meta property=\"og:site_name\" content=\"Aluser\" \/>\n<meta property=\"article:modified_time\" content=\"2020-03-25T11:10:23+00:00\" \/>\n<meta property=\"og:image\" content=\"https:\/\/www.aluser.com\/wp-content\/uploads\/2017\/03\/Basculante.jpg\" \/>\n\t<meta property=\"og:image:width\" content=\"311\" \/>\n\t<meta property=\"og:image:height\" content=\"277\" \/>\n<meta name=\"twitter:card\" content=\"summary\" \/>\n<meta name=\"twitter:label1\" content=\"Estimated reading time\">\n\t<meta name=\"twitter:data1\" content=\"1 minute\">\n<script type=\"application\/ld+json\" class=\"yoast-schema-graph\">{\"@context\":\"https:\/\/schema.org\",\"@graph\":[{\"@type\":\"Organization\",\"@id\":\"https:\/\/www.aluser.com\/#organization\",\"name\":\"Aluser\",\"url\":\"https:\/\/www.aluser.com\/\",\"sameAs\":[],\"logo\":{\"@type\":\"ImageObject\",\"@id\":\"https:\/\/www.aluser.com\/#logo\",\"inLanguage\":\"en-GB\",\"url\":\"https:\/\/www.aluser.com\/wp-content\/uploads\/2017\/08\/logoAluser.png\",\"width\":232,\"height\":70,\"caption\":\"Aluser\"},\"image\":{\"@id\":\"https:\/\/www.aluser.com\/#logo\"}},{\"@type\":\"WebSite\",\"@id\":\"https:\/\/www.aluser.com\/#website\",\"url\":\"https:\/\/www.aluser.com\/\",\"name\":\"Aluser\",\"description\":\"Proteggi il tuo benessere\",\"publisher\":{\"@id\":\"https:\/\/www.aluser.com\/#organization\"},\"potentialAction\":[{\"@type\":\"SearchAction\",\"target\":\"https:\/\/www.aluser.com\/?s={search_term_string}\",\"query-input\":\"required name=search_term_string\"}],\"inLanguage\":\"en-GB\"},{\"@type\":\"ImageObject\",\"@id\":\"https:\/\/www.aluser.com\/prodotto\/portoni-sezionali\/#primaryimage\",\"inLanguage\":\"en-GB\",\"url\":\"https:\/\/www.aluser.com\/wp-content\/uploads\/2017\/03\/Basculante.jpg\",\"width\":311,\"height\":277,\"caption\":\"Portoni Sezionali Automatizzati per Ristrutturazione Residenziale\"},{\"@type\":\"WebPage\",\"@id\":\"https:\/\/www.aluser.com\/prodotto\/portoni-sezionali\/#webpage\",\"url\":\"https:\/\/www.aluser.com\/prodotto\/portoni-sezionali\/\",\"name\":\"Portoni Sezionali e Porte Basculanti per Garage e Magazzini | Aluser\",\"isPartOf\":{\"@id\":\"https:\/\/www.aluser.com\/#website\"},\"primaryImageOfPage\":{\"@id\":\"https:\/\/www.aluser.com\/prodotto\/portoni-sezionali\/#primaryimage\"},\"datePublished\":\"2017-04-26T13:03:16+00:00\",\"dateModified\":\"2020-03-25T11:10:23+00:00\",\"description\":\"Progettazione di Portoni Sezionali e Porte Basculanti su Misura per Garage e Magazzini. Contatta un nostro Consulente per trovare la Soluzione pi\\u00fa adatta.\",\"breadcrumb\":{\"@id\":\"https:\/\/www.aluser.com\/prodotto\/portoni-sezionali\/#breadcrumb\"},\"inLanguage\":\"en-GB\",\"potentialAction\":[{\"@type\":\"ReadAction\",\"target\":[\"https:\/\/www.aluser.com\/prodotto\/portoni-sezionali\/\"]}]},{\"@type\":\"BreadcrumbList\",\"@id\":\"https:\/\/www.aluser.com\/prodotto\/portoni-sezionali\/#breadcrumb\",\"itemListElement\":[{\"@type\":\"ListItem\",\"position\":1,\"item\":{\"@type\":\"WebPage\",\"@id\":\"https:\/\/www.aluser.com\/\",\"url\":\"https:\/\/www.aluser.com\/\",\"name\":\"Home\"}},{\"@type\":\"ListItem\",\"position\":2,\"item\":{\"@type\":\"WebPage\",\"@id\":\"https:\/\/www.aluser.com\/prodotti\/\",\"url\":\"https:\/\/www.aluser.com\/prodotti\/\",\"name\":\"Prodotti\"}},{\"@type\":\"ListItem\",\"position\":3,\"item\":{\"@type\":\"WebPage\",\"@id\":\"https:\/\/www.aluser.com\/prodotti\/porte-di-qualita\/\",\"url\":\"https:\/\/www.aluser.com\/prodotti\/porte-di-qualita\/\",\"name\":\"Porte di qualit\\u00e0\"}},{\"@type\":\"ListItem\",\"position\":4,\"item\":{\"@type\":\"WebPage\",\"@id\":\"https:\/\/www.aluser.com\/prodotto\/portoni-sezionali\/\",\"url\":\"https:\/\/www.aluser.com\/prodotto\/portoni-sezionali\/\",\"name\":\"Portoni sezionali\"}}]}]}<\/script>\n<!-- \/ Yoast SEO Premium plugin. -->","_links":{"self":[{"href":"https:\/\/www.aluser.com\/en\/wp-json\/wp\/v2\/alsproduct\/4372"}],"collection":[{"href":"https:\/\/www.aluser.com\/en\/wp-json\/wp\/v2\/alsproduct"}],"about":[{"href":"https:\/\/www.aluser.com\/en\/wp-json\/wp\/v2\/types\/alsproduct"}],"author":[{"embeddable":true,"href":"https:\/\/www.aluser.com\/en\/wp-json\/wp\/v2\/users\/3"}],"version-history":[{"count":7,"href":"https:\/\/www.aluser.com\/en\/wp-json\/wp\/v2\/alsproduct\/4372\/revisions"}],"predecessor-version":[{"id":8545,"href":"https:\/\/www.aluser.com\/en\/wp-json\/wp\/v2\/alsproduct\/4372\/revisions\/8545"}],"wp:featuredmedia":[{"embeddable":true,"href":"https:\/\/www.aluser.com\/en\/wp-json\/wp\/v2\/media\/5230"}],"wp:attachment":[{"href":"https:\/\/www.aluser.com\/en\/wp-json\/wp\/v2\/media?parent=4372"}],"wp:term":[{"taxonomy":"product_taxonomy","embeddable":true,"href":"https:\/\/www.aluser.com\/en\/wp-json\/wp\/v2\/product_taxonomy?post=4372"}],"curies":[{"name":"wp","href":"https:\/\/api.w.org\/{rel}","templated":true}]}}